{"id":2322,"date":"2022-09-08T10:11:31","date_gmt":"2022-09-08T10:11:31","guid":{"rendered":"https:\/\/toravilla.com\/?page_id=2322"},"modified":"2022-12-13T18:01:12","modified_gmt":"2022-12-13T18:01:12","slug":"yabancilarin-tasinmazlarini-kiralanmasi-ve-satilmasi","status":"publish","type":"page","link":"https:\/\/toravilla.com\/ru\/yabancilarin-tasinmazlarini-kiralanmasi-ve-satilmasi\/","title":{"rendered":"YABANCILARIN TA\u015eINMAZLARININ K\u0130RALANMASI VE SATILMASI"},"content":{"rendered":"<p><strong>T\u00fcrkiye\u2019de Yabanc\u0131lar\u0131n Ta\u015f\u0131nmazlar\u0131n\u0131 Kiralanmas\u0131<\/strong><\/p>\n<p><strong>ikamet izni alm\u0131\u015f yabanc\u0131 uyruklu ki\u015filer ev kiralama hakk\u0131na sahiptir. T\u00fcrk Bor\u00e7lar Kanunu\u2019nda bir ta\u015f\u0131nmaz\u0131n nas\u0131l kiralanaca\u011f\u0131 a\u00e7\u0131k bir \u015fekilde d\u00fczenlenmi\u015ftir. \u00d6ncelikle ta\u015f\u0131nmaz i\u00e7in kiraya veren ve yabanc\u0131 uyruklu vatanda\u015f\u0131n kira s\u00f6zle\u015fmesi yapmas\u0131 gerekmektedir. Bu durum yabanc\u0131 uyruklu ki\u015filer ve T\u00fcrk vatanda\u015flar\u0131 i\u00e7in farkl\u0131l\u0131k arz etmemekte olup, her iki taraf i\u00e7in de ayn\u0131 ko\u015fullar ge\u00e7erlidir. Burada \u00f6nem arz eden husus yabanc\u0131 uyruklu vatanda\u015f\u0131n bir ta\u015f\u0131nmaz kiralayabilmesi i\u00e7in ikamet izninin bulunmas\u0131 gerekti\u011fidir.<\/strong><\/p>\n<p><strong>\u00a0<\/strong><strong>Yabanc\u0131lar\u0131n Ta\u015f\u0131nmazlar\u0131n\u0131 Sat\u0131\u015f\u0131<\/strong><\/p>\n<p><strong>\u00a0Yabanc\u0131lar\u0131n T\u00fcrkiye\u2019de nas\u0131l m\u00fclk edinece\u011fini a\u00e7\u0131klam\u0131\u015f bulunmaktay\u0131z. A\u00e7\u0131klam\u0131\u015f oldu\u011fumuz prosed\u00fcrlere uygun bir \u015fekilde ta\u015f\u0131nmaz\u0131n sat\u0131\u015f\u0131n\u0131n ger\u00e7ekle\u015fti\u011fi hallerde art\u0131k yabanc\u0131, T\u00fcrkiye\u2019de bulunan ta\u015f\u0131nmaz\u0131 \u00fczerinde rehin hakk\u0131 tesis edebilir, ilgili ta\u015f\u0131nmaz\u0131 kiraya verebilir ve sat\u0131m\u0131n\u0131 ger\u00e7ekle\u015ftirebilir. Ancak sat\u0131\u015f i\u015flemleri ger\u00e7ekle\u015firken birtak\u0131m farkl\u0131 belgeler istenmektedir. Bu belgeler;<\/strong><\/p>\n<ul>\n<li><strong>Yabanc\u0131 \u00fclke kimli\u011fi veya pasaport<\/strong><\/li>\n<li><strong>Bina vas\u0131fl\u0131 ta\u015f\u0131nmazlarda zorunlu deprem sigortas\u0131 poli\u00e7e<\/strong><\/li>\n<li><strong>Ta\u015f\u0131nmaza ili\u015fkin de\u011ferleme raporu (De\u011ferleme raporu ba\u015fvuru yap\u0131ld\u0131\u011f\u0131 tarihten itibaren \u00fc\u00e7 ay s\u00fcre ile ge\u00e7erlidir.)<\/strong><\/li>\n<li><strong>\u0130\u015flem temsilci arac\u0131l\u0131\u011f\u0131 ile ger\u00e7ekle\u015fecekse ilgili i\u015flemi yapmaya ili\u015fkin yetki i\u00e7eren vekaletname<\/strong><\/li>\n<li><strong>Birer adet vesikal\u0131k foto\u011fraf<\/strong><\/li>\n<\/ul>\n<p><strong>\u0130lgili belgeler ile Tapu M\u00fcd\u00fcrl\u00fc\u011f\u00fcne ba\u015fvuru yap\u0131ld\u0131ktan sonra bu konuda yabanc\u0131lara \u00f6zg\u00fc getirilmi\u015f bir k\u0131s\u0131tlama bulunmamakta olup, ilgili uyu\u015fmazl\u0131klar i\u00e7in T\u00fcrk Kanunlar\u0131 ge\u00e7erli olacakt\u0131r.<\/strong><\/p>","protected":false},"excerpt":{"rendered":"<p>T\u00fcrkiye\u2019de Yabanc\u0131lar\u0131n Ta\u015f\u0131nmazlar\u0131n\u0131 Kiralanmas\u0131 ikamet izni alm\u0131\u015f yabanc\u0131 uyruklu ki\u015filer ev kiralama hakk\u0131na sahiptir. T\u00fcrk Bor\u00e7lar Kanunu\u2019nda bir ta\u015f\u0131nmaz\u0131n nas\u0131l kiralanaca\u011f\u0131 a\u00e7\u0131k bir \u015fekilde d\u00fczenlenmi\u015ftir. \u00d6ncelikle ta\u015f\u0131nmaz i\u00e7in kiraya veren ve yabanc\u0131 uyruklu vatanda\u015f\u0131n kira s\u00f6zle\u015fmesi yapmas\u0131 gerekmektedir. Bu durum yabanc\u0131 uyruklu ki\u015filer ve T\u00fcrk vatanda\u015flar\u0131 i\u00e7in farkl\u0131l\u0131k arz etmemekte olup, her iki taraf i\u00e7in&#8230;<\/p>","protected":false},"author":1,"featured_media":0,"parent":0,"menu_order":0,"comment_status":"closed","ping_status":"closed","template":"","meta":{"_mi_skip_tracking":false,"footnotes":""},"class_list":["post-2322","page","type-page","status-publish","hentry"],"yoast_head":"<!-- This site is optimized with the Yoast SEO plugin v20.1 - https:\/\/yoast.com\/wordpress\/plugins\/seo\/ -->\n<title>YABANCILARIN TA\u015eINMAZLARININ K\u0130RALANMASI VE SATILMASI - Toravilla<\/title>\n<meta name=\"robots\" content=\"index, follow, max-snippet:-1, max-image-preview:large, max-video-preview:-1\" \/>\n<link rel=\"canonical\" href=\"https:\/\/toravilla.com\/ru\/yabancilarin-tasinmazlarini-kiralanmasi-ve-satilmasi\/\" \/>\n<meta property=\"og:locale\" content=\"ru_RU\" \/>\n<meta property=\"og:type\" content=\"article\" \/>\n<meta property=\"og:title\" content=\"YABANCILARIN TA\u015eINMAZLARININ K\u0130RALANMASI VE SATILMASI - Toravilla\" \/>\n<meta property=\"og:description\" content=\"T\u00fcrkiye\u2019de Yabanc\u0131lar\u0131n Ta\u015f\u0131nmazlar\u0131n\u0131 Kiralanmas\u0131 ikamet izni alm\u0131\u015f yabanc\u0131 uyruklu ki\u015filer ev kiralama hakk\u0131na sahiptir. T\u00fcrk Bor\u00e7lar Kanunu\u2019nda bir ta\u015f\u0131nmaz\u0131n nas\u0131l kiralanaca\u011f\u0131 a\u00e7\u0131k bir \u015fekilde d\u00fczenlenmi\u015ftir. \u00d6ncelikle ta\u015f\u0131nmaz i\u00e7in kiraya veren ve yabanc\u0131 uyruklu vatanda\u015f\u0131n kira s\u00f6zle\u015fmesi yapmas\u0131 gerekmektedir. Bu durum yabanc\u0131 uyruklu ki\u015filer ve T\u00fcrk vatanda\u015flar\u0131 i\u00e7in farkl\u0131l\u0131k arz etmemekte olup, her iki taraf i\u00e7in...\" \/>\n<meta property=\"og:url\" content=\"https:\/\/toravilla.com\/ru\/yabancilarin-tasinmazlarini-kiralanmasi-ve-satilmasi\/\" \/>\n<meta property=\"og:site_name\" content=\"Toravilla\" \/>\n<meta property=\"article:publisher\" content=\"https:\/\/www.facebook.com\/people\/Toravilla-Alanya\/100086007282611\/\" \/>\n<meta property=\"article:modified_time\" content=\"2022-12-13T18:01:12+00:00\" \/>\n<meta name=\"twitter:card\" content=\"summary_large_image\" \/>\n<meta name=\"twitter:site\" content=\"@Toravilla\" \/>\n<meta name=\"twitter:label1\" content=\"\u041f\u0440\u0438\u043c\u0435\u0440\u043d\u043e\u0435 \u0432\u0440\u0435\u043c\u044f \u0434\u043b\u044f \u0447\u0442\u0435\u043d\u0438\u044f\" \/>\n\t<meta name=\"twitter:data1\" content=\"1 \u043c\u0438\u043d\u0443\u0442\u0430\" \/>\n<script type=\"application\/ld+json\" class=\"yoast-schema-graph\">{\"@context\":\"https:\/\/schema.org\",\"@graph\":[{\"@type\":\"WebPage\",\"@id\":\"https:\/\/toravilla.com\/yabancilarin-tasinmazlarini-kiralanmasi-ve-satilmasi\/\",\"url\":\"https:\/\/toravilla.com\/yabancilarin-tasinmazlarini-kiralanmasi-ve-satilmasi\/\",\"name\":\"YABANCILARIN TA\u015eINMAZLARININ K\u0130RALANMASI VE SATILMASI - Toravilla\",\"isPartOf\":{\"@id\":\"https:\/\/toravilla.com\/#website\"},\"datePublished\":\"2022-09-08T10:11:31+00:00\",\"dateModified\":\"2022-12-13T18:01:12+00:00\",\"breadcrumb\":{\"@id\":\"https:\/\/toravilla.com\/yabancilarin-tasinmazlarini-kiralanmasi-ve-satilmasi\/#breadcrumb\"},\"inLanguage\":\"ru-RU\",\"potentialAction\":[{\"@type\":\"ReadAction\",\"target\":[\"https:\/\/toravilla.com\/yabancilarin-tasinmazlarini-kiralanmasi-ve-satilmasi\/\"]}]},{\"@type\":\"BreadcrumbList\",\"@id\":\"https:\/\/toravilla.com\/yabancilarin-tasinmazlarini-kiralanmasi-ve-satilmasi\/#breadcrumb\",\"itemListElement\":[{\"@type\":\"ListItem\",\"position\":1,\"name\":\"Anasayfa\",\"item\":\"https:\/\/toravilla.com\/\"},{\"@type\":\"ListItem\",\"position\":2,\"name\":\"YABANCILARIN TA\u015eINMAZLARININ K\u0130RALANMASI VE SATILMASI\"}]},{\"@type\":\"WebSite\",\"@id\":\"https:\/\/toravilla.com\/#website\",\"url\":\"https:\/\/toravilla.com\/\",\"name\":\"Toravilla\",\"description\":\"building your future\",\"publisher\":{\"@id\":\"https:\/\/toravilla.com\/#organization\"},\"potentialAction\":[{\"@type\":\"SearchAction\",\"target\":{\"@type\":\"EntryPoint\",\"urlTemplate\":\"https:\/\/toravilla.com\/?s={search_term_string}\"},\"query-input\":\"required name=search_term_string\"}],\"inLanguage\":\"ru-RU\"},{\"@type\":\"Organization\",\"@id\":\"https:\/\/toravilla.com\/#organization\",\"name\":\"Toravilla\",\"url\":\"https:\/\/toravilla.com\/\",\"logo\":{\"@type\":\"ImageObject\",\"inLanguage\":\"ru-RU\",\"@id\":\"https:\/\/toravilla.com\/#\/schema\/logo\/image\/\",\"url\":\"https:\/\/toravilla.com\/wp-content\/uploads\/2020\/02\/toravilla-site-logo-yeni-2.png\",\"contentUrl\":\"https:\/\/toravilla.com\/wp-content\/uploads\/2020\/02\/toravilla-site-logo-yeni-2.png\",\"width\":300,\"height\":100,\"caption\":\"Toravilla\"},\"image\":{\"@id\":\"https:\/\/toravilla.com\/#\/schema\/logo\/image\/\"},\"sameAs\":[\"https:\/\/www.facebook.com\/people\/Toravilla-Alanya\/100086007282611\/\",\"https:\/\/twitter.com\/Toravilla\",\"https:\/\/www.instagram.com\/toravillaemlak\/\",\"https:\/\/www.linkedin.com\/company\/toravilla\/\",\"https:\/\/www.youtube.com\/channel\/UCQWd3zRkPFLlIlRuDRZafNg\"]}]}<\/script>\n<!-- \/ Yoast SEO plugin. -->","yoast_head_json":{"title":"YABANCILARIN TA\u015eINMAZLARININ K\u0130RALANMASI VE SATILMASI - Toravilla","robots":{"index":"index","follow":"follow","max-snippet":"max-snippet:-1","max-image-preview":"max-image-preview:large","max-video-preview":"max-video-preview:-1"},"canonical":"https:\/\/toravilla.com\/ru\/yabancilarin-tasinmazlarini-kiralanmasi-ve-satilmasi\/","og_locale":"ru_RU","og_type":"article","og_title":"YABANCILARIN TA\u015eINMAZLARININ K\u0130RALANMASI VE SATILMASI - Toravilla","og_description":"T\u00fcrkiye\u2019de Yabanc\u0131lar\u0131n Ta\u015f\u0131nmazlar\u0131n\u0131 Kiralanmas\u0131 ikamet izni alm\u0131\u015f yabanc\u0131 uyruklu ki\u015filer ev kiralama hakk\u0131na sahiptir. T\u00fcrk Bor\u00e7lar Kanunu\u2019nda bir ta\u015f\u0131nmaz\u0131n nas\u0131l kiralanaca\u011f\u0131 a\u00e7\u0131k bir \u015fekilde d\u00fczenlenmi\u015ftir. \u00d6ncelikle ta\u015f\u0131nmaz i\u00e7in kiraya veren ve yabanc\u0131 uyruklu vatanda\u015f\u0131n kira s\u00f6zle\u015fmesi yapmas\u0131 gerekmektedir. Bu durum yabanc\u0131 uyruklu ki\u015filer ve T\u00fcrk vatanda\u015flar\u0131 i\u00e7in farkl\u0131l\u0131k arz etmemekte olup, her iki taraf i\u00e7in...","og_url":"https:\/\/toravilla.com\/ru\/yabancilarin-tasinmazlarini-kiralanmasi-ve-satilmasi\/","og_site_name":"Toravilla","article_publisher":"https:\/\/www.facebook.com\/people\/Toravilla-Alanya\/100086007282611\/","article_modified_time":"2022-12-13T18:01:12+00:00","twitter_card":"summary_large_image","twitter_site":"@Toravilla","twitter_misc":{"\u041f\u0440\u0438\u043c\u0435\u0440\u043d\u043e\u0435 \u0432\u0440\u0435\u043c\u044f \u0434\u043b\u044f \u0447\u0442\u0435\u043d\u0438\u044f":"1 \u043c\u0438\u043d\u0443\u0442\u0430"},"schema":{"@context":"https:\/\/schema.org","@graph":[{"@type":"WebPage","@id":"https:\/\/toravilla.com\/yabancilarin-tasinmazlarini-kiralanmasi-ve-satilmasi\/","url":"https:\/\/toravilla.com\/yabancilarin-tasinmazlarini-kiralanmasi-ve-satilmasi\/","name":"YABANCILARIN TA\u015eINMAZLARININ K\u0130RALANMASI VE SATILMASI - Toravilla","isPartOf":{"@id":"https:\/\/toravilla.com\/#website"},"datePublished":"2022-09-08T10:11:31+00:00","dateModified":"2022-12-13T18:01:12+00:00","breadcrumb":{"@id":"https:\/\/toravilla.com\/yabancilarin-tasinmazlarini-kiralanmasi-ve-satilmasi\/#breadcrumb"},"inLanguage":"ru-RU","potentialAction":[{"@type":"ReadAction","target":["https:\/\/toravilla.com\/yabancilarin-tasinmazlarini-kiralanmasi-ve-satilmasi\/"]}]},{"@type":"BreadcrumbList","@id":"https:\/\/toravilla.com\/yabancilarin-tasinmazlarini-kiralanmasi-ve-satilmasi\/#breadcrumb","itemListElement":[{"@type":"ListItem","position":1,"name":"Anasayfa","item":"https:\/\/toravilla.com\/"},{"@type":"ListItem","position":2,"name":"YABANCILARIN TA\u015eINMAZLARININ K\u0130RALANMASI VE SATILMASI"}]},{"@type":"WebSite","@id":"https:\/\/toravilla.com\/#website","url":"https:\/\/toravilla.com\/","name":"Toravilla","description":"building your future","publisher":{"@id":"https:\/\/toravilla.com\/#organization"},"potentialAction":[{"@type":"SearchAction","target":{"@type":"EntryPoint","urlTemplate":"https:\/\/toravilla.com\/?s={search_term_string}"},"query-input":"required name=search_term_string"}],"inLanguage":"ru-RU"},{"@type":"Organization","@id":"https:\/\/toravilla.com\/#organization","name":"Toravilla","url":"https:\/\/toravilla.com\/","logo":{"@type":"ImageObject","inLanguage":"ru-RU","@id":"https:\/\/toravilla.com\/#\/schema\/logo\/image\/","url":"https:\/\/toravilla.com\/wp-content\/uploads\/2020\/02\/toravilla-site-logo-yeni-2.png","contentUrl":"https:\/\/toravilla.com\/wp-content\/uploads\/2020\/02\/toravilla-site-logo-yeni-2.png","width":300,"height":100,"caption":"Toravilla"},"image":{"@id":"https:\/\/toravilla.com\/#\/schema\/logo\/image\/"},"sameAs":["https:\/\/www.facebook.com\/people\/Toravilla-Alanya\/100086007282611\/","https:\/\/twitter.com\/Toravilla","https:\/\/www.instagram.com\/toravillaemlak\/","https:\/\/www.linkedin.com\/company\/toravilla\/","https:\/\/www.youtube.com\/channel\/UCQWd3zRkPFLlIlRuDRZafNg"]}]}},"_links":{"self":[{"href":"https:\/\/toravilla.com\/ru\/wp-json\/wp\/v2\/pages\/2322","targetHints":{"allow":["GET"]}}],"collection":[{"href":"https:\/\/toravilla.com\/ru\/wp-json\/wp\/v2\/pages"}],"about":[{"href":"https:\/\/toravilla.com\/ru\/wp-json\/wp\/v2\/types\/page"}],"author":[{"embeddable":true,"href":"https:\/\/toravilla.com\/ru\/wp-json\/wp\/v2\/users\/1"}],"replies":[{"embeddable":true,"href":"https:\/\/toravilla.com\/ru\/wp-json\/wp\/v2\/comments?post=2322"}],"version-history":[{"count":1,"href":"https:\/\/toravilla.com\/ru\/wp-json\/wp\/v2\/pages\/2322\/revisions"}],"predecessor-version":[{"id":7893,"href":"https:\/\/toravilla.com\/ru\/wp-json\/wp\/v2\/pages\/2322\/revisions\/7893"}],"wp:attachment":[{"href":"https:\/\/toravilla.com\/ru\/wp-json\/wp\/v2\/media?parent=2322"}],"curies":[{"name":"wp","href":"https:\/\/api.w.org\/{rel}","templated":true}]}}